{"id":59,"date":"2018-06-14T23:02:43","date_gmt":"2018-06-14T22:02:43","guid":{"rendered":"http:\/\/www.nuestrasenoradelapaz.com\/?page_id=59"},"modified":"2022-01-12T13:47:45","modified_gmt":"2022-01-12T12:47:45","slug":"23-de-enero","status":"publish","type":"page","link":"https:\/\/www.nuestrasenoradelapaz.com\/?page_id=59","title":{"rendered":"23 de Enero"},"content":{"rendered":"<h1 style=\"text-align: center;\">SOLEMNES V\u00cdSPERAS<\/h1>\n<p>A las <span style=\"color: #ff0000;\">16:00<\/span> horas: La Junta de Gobierno en comisi\u00f3n se har\u00e1 presente en el Sal\u00f3n Parroquial de la Iglesia de San Pedro Ap\u00f3stol junto al PRIOSTE MAYOR para las fiestas de este a\u00f1o, <span style=\"color: #3366ff;\">D.ANTONIO PAZ DELGADO<\/span>, haci\u00e9ndole entrega del bast\u00f3n de mando, s\u00edmbolo del buen orden y gobierno de todos los actos que se han de celebrar.<\/p>\n<p>A las <span style=\"color: #ff0000;\">17:00<\/span> horas: Ofrenda floral a Nuestra Se\u00f1ora Virgen de la Paz. Se iniciar\u00e1 el recorrido en la plaza de la Artesan\u00eda, junto a la casa en la que se realiz\u00f3 el Milagro de la Multiplicaci\u00f3n del Vino en Alcobendas, y desde all\u00ed recorrer\u00e1 las calles en direcci\u00f3n a la parroquia de San Pedro, en donde se realizar\u00e1 la ofrenda de flores.<\/p>\n<h3 style=\"text-align: center;\">Oferentes:<\/h3>\n<p style=\"text-align: center;\">&#8211; Banda Municipal de Alcobendas.<\/p>\n<p style=\"text-align: center;\">&#8211; Estandartes y Banderas de la Hermandad<\/p>\n<p style=\"text-align: center;\">&#8211; Autoridades<\/p>\n<p style=\"text-align: center;\">&#8211; Polic\u00eda Municipal de Alcobendas<\/p>\n<p style=\"text-align: center;\">&#8211; Protecci\u00f3n Civil de Alcobendas<\/p>\n<p style=\"text-align: center;\">&#8211; Hermandad juvenil de Ntra. Sra. de la Paz<\/p>\n<p style=\"text-align: center;\">&#8211; Colegio Mar\u00eda Teresa<\/p>\n<p style=\"text-align: center;\">-Colegio Padre Manyanet<\/p>\n<p style=\"text-align: center;\">&#8211; Asociaci\u00f3n Catecumenal<\/p>\n<p style=\"text-align: center;\">&#8211; Asociaci\u00f3n \u00abLa Mantilla Espa\u00f1ola\u00bb<\/p>\n<p style=\"text-align: center;\">&#8211; Adoraci\u00f3n nocturna<\/p>\n<p style=\"text-align: center;\">&#8211; Casa Regional de Extremadura<\/p>\n<p style=\"text-align: center;\">&#8211; Xuntanza de Galegos<\/p>\n<p style=\"text-align: center;\">&#8211; Casa Regional de Castilla y Le\u00f3n<\/p>\n<p style=\"text-align: center;\">&#8211; Casa Regional de Murcia<\/p>\n<p style=\"text-align: center;\">&#8211; Casa Regional de Castilla La Mancha<\/p>\n<p style=\"text-align: center;\">&#8211; Casa Regional de Asturias<\/p>\n<p style=\"text-align: center;\">&#8211; Casa Regional de Andaluc\u00eda<\/p>\n<p style=\"text-align: center;\">&#8211; Cofrad\u00eda de San Lesmes Abad<\/p>\n<p style=\"text-align: center;\">&#8211; Mujeres \u00abPara la Democracia\u00bb<\/p>\n<p style=\"text-align: center;\">&#8211; Asociaci\u00f3n Andaluza de Alcobendas<\/p>\n<p style=\"text-align: center;\">&#8211; Alcolar-<\/p>\n<p style=\"text-align: center;\">Asociaci\u00f3n Arte 4<\/p>\n<p style=\"text-align: center;\">&#8211; Apama<\/p>\n<p style=\"text-align: center;\">&#8211; Asoc. del Santo Rosario<\/p>\n<p style=\"text-align: center;\">&#8211; Asociaci\u00f3n \u00a0\u00abClub 65\u00bb<\/p>\n<p style=\"text-align: center;\">&#8211; Hermandad de Ntra. Sra del Roc\u00edo de S.S. de los Reyes<\/p>\n<p style=\"text-align: center;\">&#8211; Club de Corredores<\/p>\n<p style=\"text-align: center;\">&#8211; Agrupaci\u00f3n Deportiva Alcobendas C.F.<\/p>\n<p style=\"text-align: center;\">&#8211; Voces de las Tablas<\/p>\n<p>A las <span style=\"color: #ff0000;\">20:00<\/span> horas: Salve cantada a la Virgen por la Capilla Musical, formada por el coro de la Hermandad Ntra. Sra. de la Paz, dirigido por <span style=\"color: #3366ff;\">D. Vicente Aroca.<\/span><\/p>\n<p>A la salida de este primer solemne acto, en la plaza de la Iglesia, se quemar\u00e1 una colecci\u00f3n de fuegos artificiales.<\/p>\n<p>La iglesia estar\u00e1 engalanada por <span style=\"color: #3366ff;\">SANSERONI<\/span>.<\/p>\n<p>A las <span style=\"color: #ff0000;\">21:30<\/span> horas : Solemne vigilia eucar\u00edstica en honor de Nuestra Se\u00f1ora Virgen de la Paz. Dicho acto estar\u00e1 preparado por las secciones de Adoradores Nocturnos de Alcobendas, en sus ramas masculina, femenina y juvenil.<\/p>\n","protected":false},"excerpt":{"rendered":"<p>SOLEMNES V\u00cdSPERAS A las 16:00 horas: La Junta de Gobierno en comisi\u00f3n se har\u00e1 presente en el Sal\u00f3n Parroquial de la Iglesia de San Pedro Ap\u00f3stol junto al PRIOSTE MAYOR&hellip;<a href=\"https:\/\/www.nuestrasenoradelapaz.com\/?page_id=59\" class=\"more-link\"><span class=\"more-button\">Continue reading<span class=\"screen-reader-text\">23 de Enero<\/span><\/span><\/a><\/p>\n","protected":false},"author":1,"featured_media":0,"parent":0,"menu_order":0,"comment_status":"closed","ping_status":"closed","template":"","meta":[],"_links":{"self":[{"href":"https:\/\/www.nuestrasenoradelapaz.com\/index.php?rest_route=\/wp\/v2\/pages\/59"}],"collection":[{"href":"https:\/\/www.nuestrasenoradelapaz.com\/index.php?rest_route=\/wp\/v2\/pages"}],"about":[{"href":"https:\/\/www.nuestrasenoradelapaz.com\/index.php?rest_route=\/wp\/v2\/types\/page"}],"author":[{"embeddable":true,"href":"https:\/\/www.nuestrasenoradelapaz.com\/index.php?rest_route=\/wp\/v2\/users\/1"}],"replies":[{"embeddable":true,"href":"https:\/\/www.nuestrasenoradelapaz.com\/index.php?rest_route=%2Fwp%2Fv2%2Fcomments&post=59"}],"version-history":[{"count":9,"href":"https:\/\/www.nuestrasenoradelapaz.com\/index.php?rest_route=\/wp\/v2\/pages\/59\/revisions"}],"predecessor-version":[{"id":1170,"href":"https:\/\/www.nuestrasenoradelapaz.com\/index.php?rest_route=\/wp\/v2\/pages\/59\/revisions\/1170"}],"wp:attachment":[{"href":"https:\/\/www.nuestrasenoradelapaz.com\/index.php?rest_route=%2Fwp%2Fv2%2Fmedia&parent=59"}],"curies":[{"name":"wp","href":"https:\/\/api.w.org\/{rel}","templated":true}]}}