{"id":169,"date":"2018-06-16T23:11:37","date_gmt":"2018-06-16T22:11:37","guid":{"rendered":"http:\/\/www.nuestrasenoradelapaz.com\/?page_id=169"},"modified":"2018-06-22T21:03:09","modified_gmt":"2018-06-22T20:03:09","slug":"junta-de-gobierno","status":"publish","type":"page","link":"https:\/\/www.nuestrasenoradelapaz.com\/?page_id=169","title":{"rendered":"Junta de Gobierno"},"content":{"rendered":"<h2 style=\"text-align: center;\">PRESIDENTE:\u00a0 Isabel P\u00e1ramo Aguado<\/h2>\n<p style=\"text-align: center;\"><img decoding=\"async\" loading=\"lazy\" class=\"size-thumbnail wp-image-156 aligncenter\" src=\"http:\/\/www.nuestrasenoradelapaz.com\/wp-content\/uploads\/2018\/06\/JRM_3285-150x150.jpg\" alt=\"\" width=\"150\" height=\"150\" \/><\/p>\n<hr \/>\n<h2 style=\"text-align: center;\">VICEPRESIDENTE Y PORTAVOZ: Mar\u00eda Paz Alcal\u00e1 Ram\u00edrez<\/h2>\n<hr \/>\n<h2 style=\"text-align: center;\">MAYORDOMO: Antonio P\u00e1ramo Aguado<\/h2>\n<p><img decoding=\"async\" loading=\"lazy\" class=\"size-thumbnail wp-image-161 aligncenter\" src=\"http:\/\/www.nuestrasenoradelapaz.com\/wp-content\/uploads\/2018\/06\/AntonioP-150x150.jpg\" alt=\"\" width=\"150\" height=\"150\" \/><\/p>\n<h3 style=\"text-align: center;\">MAYORDOMO SEGUNDO: Angel Mu\u00f1oz Ram\u00edrez<\/h3>\n<p><img decoding=\"async\" loading=\"lazy\" class=\"size-thumbnail wp-image-164 aligncenter\" src=\"http:\/\/www.nuestrasenoradelapaz.com\/wp-content\/uploads\/2018\/06\/Tito-150x150.jpg\" alt=\"\" width=\"150\" height=\"150\" \/><\/p>\n<hr \/>\n<h2 style=\"text-align: center;\">DIPUTADO MAYOR: Jose Mar\u00eda Risquete Dur\u00e1n<\/h2>\n<h3 style=\"text-align: center;\">DIPUTADO SEGUNDO: Luis Mart\u00edn Melendro<\/h3>\n<p><img decoding=\"async\" loading=\"lazy\" class=\"size-thumbnail wp-image-154 aligncenter\" src=\"http:\/\/www.nuestrasenoradelapaz.com\/wp-content\/uploads\/2018\/06\/JRM_3281-e1529174892224-150x150.jpg\" alt=\"\" width=\"150\" height=\"150\" \/><\/p>\n<hr \/>\n<h2 style=\"text-align: center;\">SECRETARIO: Jose Enrique Noya Monta\u00f1ez<\/h2>\n<p><img decoding=\"async\" loading=\"lazy\" class=\"size-thumbnail wp-image-153 aligncenter\" src=\"http:\/\/www.nuestrasenoradelapaz.com\/wp-content\/uploads\/2018\/06\/JRM_3278-150x150.jpg\" alt=\"\" width=\"150\" height=\"150\" \/><\/p>\n<h3 style=\"text-align: center;\">SECRETARIO SEGUNDO: Francisco D\u00edaz Aguado<\/h3>\n<p><img decoding=\"async\" loading=\"lazy\" class=\"size-thumbnail wp-image-160 aligncenter\" src=\"http:\/\/www.nuestrasenoradelapaz.com\/wp-content\/uploads\/2018\/06\/JRM_3290-150x150.jpg\" alt=\"\" width=\"150\" height=\"150\" \/><\/p>\n<hr \/>\n<h2 style=\"text-align: center;\">TESORERO: Ram\u00f3n Aguado Fernandez-Guisasola<\/h2>\n<p><img decoding=\"async\" loading=\"lazy\" class=\"size-thumbnail wp-image-155 aligncenter\" src=\"http:\/\/www.nuestrasenoradelapaz.com\/wp-content\/uploads\/2018\/06\/JRM_3282-150x150.jpg\" alt=\"\" width=\"150\" height=\"150\" \/><\/p>\n<h3 style=\"text-align: center;\">TESORERO SEGUNDO: Juan Mart\u00ednez P\u00e1ramo<\/h3>\n<p><img decoding=\"async\" loading=\"lazy\" class=\"size-thumbnail wp-image-152 aligncenter\" src=\"http:\/\/www.nuestrasenoradelapaz.com\/wp-content\/uploads\/2018\/06\/JRM_3277-150x150.jpg\" alt=\"\" width=\"150\" height=\"150\" \/><\/p>\n<h3 style=\"text-align: center;\">TESORERO TERCERO: Francisca Aguado Alonso<\/h3>\n<h2 style=\"text-align: center;\"><img decoding=\"async\" loading=\"lazy\" class=\"size-thumbnail wp-image-163 aligncenter\" src=\"http:\/\/www.nuestrasenoradelapaz.com\/wp-content\/uploads\/2018\/06\/Paqui-150x150.jpg\" alt=\"\" width=\"150\" height=\"150\" \/><\/h2>\n<hr \/>\n<h2 style=\"text-align: center;\">VOCALES:<\/h2>\n<h3 style=\"text-align: center;\">Alejandro Antonio Aguado Casares<\/h3>\n<p><img decoding=\"async\" loading=\"lazy\" class=\"size-thumbnail wp-image-157 aligncenter\" src=\"http:\/\/www.nuestrasenoradelapaz.com\/wp-content\/uploads\/2018\/06\/JRM_3286-150x150.jpg\" alt=\"\" width=\"150\" height=\"150\" \/><\/p>\n<h3 style=\"text-align: center;\">Irma Aguado Noya<\/h3>\n<p><img decoding=\"async\" loading=\"lazy\" class=\"size-thumbnail wp-image-159 aligncenter\" src=\"http:\/\/www.nuestrasenoradelapaz.com\/wp-content\/uploads\/2018\/06\/JRM_3288-150x150.jpg\" alt=\"\" width=\"150\" height=\"150\" \/><\/p>\n<h3 style=\"text-align: center;\">Bel\u00e9n Paz Aguado<\/h3>\n<h3 style=\"text-align: center;\">Manuel Esteve Romero<\/h3>\n<h3 style=\"text-align: center;\">Nelia Baena Aguado<\/h3>\n<h3 style=\"text-align: center;\">Andr\u00e9s Baena Zoccola<\/h3>\n<h3 style=\"text-align: center;\">Javier Ram\u00edrez Arroyo<\/h3>\n<h3 style=\"text-align: center;\">Loreto Botella P\u00e1ramo<\/h3>\n<hr \/>\n<p>&nbsp;<\/p>\n<p>&nbsp;<\/p>\n","protected":false},"excerpt":{"rendered":"<p>PRESIDENTE:\u00a0 Isabel P\u00e1ramo Aguado VICEPRESIDENTE Y PORTAVOZ: Mar\u00eda Paz Alcal\u00e1 Ram\u00edrez MAYORDOMO: Antonio P\u00e1ramo Aguado MAYORDOMO SEGUNDO: Angel Mu\u00f1oz Ram\u00edrez DIPUTADO MAYOR: Jose Mar\u00eda Risquete Dur\u00e1n DIPUTADO SEGUNDO: Luis Mart\u00edn&hellip;<a href=\"https:\/\/www.nuestrasenoradelapaz.com\/?page_id=169\" class=\"more-link\"><span class=\"more-button\">Continue reading<span class=\"screen-reader-text\">Junta de Gobierno<\/span><\/span><\/a><\/p>\n","protected":false},"author":1,"featured_media":0,"parent":0,"menu_order":0,"comment_status":"closed","ping_status":"closed","template":"","meta":[],"_links":{"self":[{"href":"https:\/\/www.nuestrasenoradelapaz.com\/index.php?rest_route=\/wp\/v2\/pages\/169"}],"collection":[{"href":"https:\/\/www.nuestrasenoradelapaz.com\/index.php?rest_route=\/wp\/v2\/pages"}],"about":[{"href":"https:\/\/www.nuestrasenoradelapaz.com\/index.php?rest_route=\/wp\/v2\/types\/page"}],"author":[{"embeddable":true,"href":"https:\/\/www.nuestrasenoradelapaz.com\/index.php?rest_route=\/wp\/v2\/users\/1"}],"replies":[{"embeddable":true,"href":"https:\/\/www.nuestrasenoradelapaz.com\/index.php?rest_route=%2Fwp%2Fv2%2Fcomments&post=169"}],"version-history":[{"count":8,"href":"https:\/\/www.nuestrasenoradelapaz.com\/index.php?rest_route=\/wp\/v2\/pages\/169\/revisions"}],"predecessor-version":[{"id":467,"href":"https:\/\/www.nuestrasenoradelapaz.com\/index.php?rest_route=\/wp\/v2\/pages\/169\/revisions\/467"}],"wp:attachment":[{"href":"https:\/\/www.nuestrasenoradelapaz.com\/index.php?rest_route=%2Fwp%2Fv2%2Fmedia&parent=169"}],"curies":[{"name":"wp","href":"https:\/\/api.w.org\/{rel}","templated":true}]}}